{"id":138169,"date":"2026-01-14T17:07:01","date_gmt":"2026-01-14T16:07:01","guid":{"rendered":"https:\/\/www.richimmobilier.com\/wp-content\/uploads\/2026\/01\/VILLA_CANCELADA_by_EFEIGHT_dotcom_059.jpg"},"modified":"2026-01-14T17:07:01","modified_gmt":"2026-01-14T16:07:01","slug":"photo-by-francisco-ramirez-mata-efeight-com-79","status":"inherit","type":"attachment","link":"https:\/\/www.richimmobilier.com\/en\/properties\/coup-de-coeur-assure-impeccable-villa-individuelle-de-luxe\/photo-by-francisco-ramirez-mata-efeight-com-79\/","title":{"rendered":"Photo by Francisco Ram\u00edrez-Mata efeight.com"},"author":3,"featured_media":0,"comment_status":"open","ping_status":"closed","template":"","meta":[],"class_list":["post-138169","attachment","type-attachment","status-inherit","hentry"],"yoast_head":"<!-- This site is optimized with the Yoast SEO plugin v27.0 - https:\/\/yoast.com\/product\/yoast-seo-wordpress\/ -->\n<title>Photo by Francisco Ram\u00edrez-Mata efeight.com - Rich Homes<\/title>\n<meta name=\"robots\" content=\"index, follow, max-snippet:-1, max-image-preview:large, max-video-preview:-1\" \/>\n<link rel=\"canonical\" href=\"https:\/\/www.richimmobilier.com\/wp-content\/uploads\/2026\/01\/VILLA_CANCELADA_by_EFEIGHT_dotcom_059.jpg\" \/>\n<meta property=\"og:locale\" content=\"en_US\" \/>\n<meta property=\"og:type\" content=\"article\" \/>\n<meta property=\"og:title\" content=\"Photo by Francisco Ram\u00edrez-Mata efeight.com - Rich Homes\" \/>\n<meta property=\"og:description\" content=\"charset=Ascii\" \/>\n<meta property=\"og:url\" content=\"https:\/\/www.richimmobilier.com\/wp-content\/uploads\/2026\/01\/VILLA_CANCELADA_by_EFEIGHT_dotcom_059.jpg\" \/>\n<meta property=\"og:site_name\" content=\"Rich Homes\" \/>\n<meta property=\"og:image\" content=\"https:\/\/www.richimmobilier.com\/wp-content\/uploads\/2026\/01\/VILLA_CANCELADA_by_EFEIGHT_dotcom_059.jpg\" \/>\n\t<meta property=\"og:image:width\" content=\"1\" \/>\n\t<meta property=\"og:image:height\" content=\"1\" \/>\n\t<meta property=\"og:image:type\" content=\"image\/jpeg\" \/>\n<meta name=\"twitter:card\" content=\"summary_large_image\" \/>\n<script type=\"application\/ld+json\" class=\"yoast-schema-graph\">{\"@context\":\"https:\/\/schema.org\",\"@graph\":[{\"@type\":\"WebPage\",\"@id\":\"https:\/\/www.richimmobilier.com\/wp-content\/uploads\/2026\/01\/VILLA_CANCELADA_by_EFEIGHT_dotcom_059.jpg\",\"url\":\"https:\/\/www.richimmobilier.com\/wp-content\/uploads\/2026\/01\/VILLA_CANCELADA_by_EFEIGHT_dotcom_059.jpg\",\"name\":\"Photo by Francisco Ram\u00edrez-Mata efeight.com - Rich Homes\",\"isPartOf\":{\"@id\":\"https:\/\/www.richimmobilier.com\/#website\"},\"datePublished\":\"2026-01-14T16:07:01+00:00\",\"breadcrumb\":{\"@id\":\"https:\/\/www.richimmobilier.com\/wp-content\/uploads\/2026\/01\/VILLA_CANCELADA_by_EFEIGHT_dotcom_059.jpg#breadcrumb\"},\"inLanguage\":\"en-US\",\"potentialAction\":[{\"@type\":\"ReadAction\",\"target\":[\"https:\/\/www.richimmobilier.com\/wp-content\/uploads\/2026\/01\/VILLA_CANCELADA_by_EFEIGHT_dotcom_059.jpg\"]}]},{\"@type\":\"BreadcrumbList\",\"@id\":\"https:\/\/www.richimmobilier.com\/wp-content\/uploads\/2026\/01\/VILLA_CANCELADA_by_EFEIGHT_dotcom_059.jpg#breadcrumb\",\"itemListElement\":[{\"@type\":\"ListItem\",\"position\":1,\"name\":\"Home\",\"item\":\"https:\/\/www.richimmobilier.com\/en\/\"},{\"@type\":\"ListItem\",\"position\":2,\"name\":\"Love at first sight! Impeccable luxury detached villa in a top location\",\"item\":\"https:\/\/www.richimmobilier.com\/en\/properties\/coup-de-coeur-assure-impeccable-villa-individuelle-de-luxe\/\"},{\"@type\":\"ListItem\",\"position\":3,\"name\":\"Photo by Francisco Ram\u00edrez-Mata efeight.com\"}]},{\"@type\":\"WebSite\",\"@id\":\"https:\/\/www.richimmobilier.com\/#website\",\"url\":\"https:\/\/www.richimmobilier.com\/\",\"name\":\"Rich Homes\",\"description\":\"Achat Immobilier Marbella\",\"potentialAction\":[{\"@type\":\"SearchAction\",\"target\":{\"@type\":\"EntryPoint\",\"urlTemplate\":\"https:\/\/www.richimmobilier.com\/?s={search_term_string}\"},\"query-input\":{\"@type\":\"PropertyValueSpecification\",\"valueRequired\":true,\"valueName\":\"search_term_string\"}}],\"inLanguage\":\"en-US\"}]}<\/script>\n<!-- \/ Yoast SEO plugin. -->","yoast_head_json":{"title":"Photo by Francisco Ram\u00edrez-Mata efeight.com - Rich Homes","robots":{"index":"index","follow":"follow","max-snippet":"max-snippet:-1","max-image-preview":"max-image-preview:large","max-video-preview":"max-video-preview:-1"},"canonical":"https:\/\/www.richimmobilier.com\/wp-content\/uploads\/2026\/01\/VILLA_CANCELADA_by_EFEIGHT_dotcom_059.jpg","og_locale":"en_US","og_type":"article","og_title":"Photo by Francisco Ram\u00edrez-Mata efeight.com - Rich Homes","og_description":"charset=Ascii","og_url":"https:\/\/www.richimmobilier.com\/wp-content\/uploads\/2026\/01\/VILLA_CANCELADA_by_EFEIGHT_dotcom_059.jpg","og_site_name":"Rich Homes","og_image":[{"url":"https:\/\/www.richimmobilier.com\/wp-content\/uploads\/2026\/01\/VILLA_CANCELADA_by_EFEIGHT_dotcom_059.jpg","width":1,"height":1,"type":"image\/jpeg"}],"twitter_card":"summary_large_image","schema":{"@context":"https:\/\/schema.org","@graph":[{"@type":"WebPage","@id":"https:\/\/www.richimmobilier.com\/wp-content\/uploads\/2026\/01\/VILLA_CANCELADA_by_EFEIGHT_dotcom_059.jpg","url":"https:\/\/www.richimmobilier.com\/wp-content\/uploads\/2026\/01\/VILLA_CANCELADA_by_EFEIGHT_dotcom_059.jpg","name":"Photo by Francisco Ram\u00edrez-Mata efeight.com - Rich Homes","isPartOf":{"@id":"https:\/\/www.richimmobilier.com\/#website"},"datePublished":"2026-01-14T16:07:01+00:00","breadcrumb":{"@id":"https:\/\/www.richimmobilier.com\/wp-content\/uploads\/2026\/01\/VILLA_CANCELADA_by_EFEIGHT_dotcom_059.jpg#breadcrumb"},"inLanguage":"en-US","potentialAction":[{"@type":"ReadAction","target":["https:\/\/www.richimmobilier.com\/wp-content\/uploads\/2026\/01\/VILLA_CANCELADA_by_EFEIGHT_dotcom_059.jpg"]}]},{"@type":"BreadcrumbList","@id":"https:\/\/www.richimmobilier.com\/wp-content\/uploads\/2026\/01\/VILLA_CANCELADA_by_EFEIGHT_dotcom_059.jpg#breadcrumb","itemListElement":[{"@type":"ListItem","position":1,"name":"Home","item":"https:\/\/www.richimmobilier.com\/en\/"},{"@type":"ListItem","position":2,"name":"Love at first sight! Impeccable luxury detached villa in a top location","item":"https:\/\/www.richimmobilier.com\/en\/properties\/coup-de-coeur-assure-impeccable-villa-individuelle-de-luxe\/"},{"@type":"ListItem","position":3,"name":"Photo by Francisco Ram\u00edrez-Mata efeight.com"}]},{"@type":"WebSite","@id":"https:\/\/www.richimmobilier.com\/#website","url":"https:\/\/www.richimmobilier.com\/","name":"Rich Homes","description":"Achat Immobilier Marbella","potentialAction":[{"@type":"SearchAction","target":{"@type":"EntryPoint","urlTemplate":"https:\/\/www.richimmobilier.com\/?s={search_term_string}"},"query-input":{"@type":"PropertyValueSpecification","valueRequired":true,"valueName":"search_term_string"}}],"inLanguage":"en-US"}]}},"description":{"rendered":"<p class=\"attachment\"><a href='https:\/\/www.richimmobilier.com\/wp-content\/uploads\/2026\/01\/VILLA_CANCELADA_by_EFEIGHT_dotcom_059.jpg'><img loading=\"lazy\" decoding=\"async\" width=\"300\" height=\"200\" src=\"https:\/\/www.richimmobilier.com\/wp-content\/uploads\/2026\/01\/VILLA_CANCELADA_by_EFEIGHT_dotcom_059-300x200.jpg\" class=\"attachment-medium size-medium\" alt=\"\" srcset=\"https:\/\/www.richimmobilier.com\/wp-content\/uploads\/2026\/01\/VILLA_CANCELADA_by_EFEIGHT_dotcom_059-300x200.jpg 300w, https:\/\/www.richimmobilier.com\/wp-content\/uploads\/2026\/01\/VILLA_CANCELADA_by_EFEIGHT_dotcom_059-1024x682.jpg 1024w, https:\/\/www.richimmobilier.com\/wp-content\/uploads\/2026\/01\/VILLA_CANCELADA_by_EFEIGHT_dotcom_059-768x512.jpg 768w, https:\/\/www.richimmobilier.com\/wp-content\/uploads\/2026\/01\/VILLA_CANCELADA_by_EFEIGHT_dotcom_059-1536x1023.jpg 1536w, https:\/\/www.richimmobilier.com\/wp-content\/uploads\/2026\/01\/VILLA_CANCELADA_by_EFEIGHT_dotcom_059-105x70.jpg 105w, https:\/\/www.richimmobilier.com\/wp-content\/uploads\/2026\/01\/VILLA_CANCELADA_by_EFEIGHT_dotcom_059.jpg 1920w\" sizes=\"auto, (max-width: 300px) 100vw, 300px\" \/><\/a><\/p>\n"},"caption":{"rendered":"<p>charset=Ascii<\/p>\n"},"alt_text":"","media_type":"image","mime_type":"image\/jpeg","media_details":{"width":1920,"height":1279,"file":"2026\/01\/VILLA_CANCELADA_by_EFEIGHT_dotcom_059.jpg","filesize":254765,"sizes":{"medium":{"file":"VILLA_CANCELADA_by_EFEIGHT_dotcom_059-300x200.jpg","width":300,"height":200,"filesize":10037,"mime_type":"image\/jpeg","source_url":"https:\/\/www.richimmobilier.com\/wp-content\/uploads\/2026\/01\/VILLA_CANCELADA_by_EFEIGHT_dotcom_059-300x200.jpg"},"large":{"file":"VILLA_CANCELADA_by_EFEIGHT_dotcom_059-1024x682.jpg","width":1024,"height":682,"filesize":78059,"mime_type":"image\/jpeg","source_url":"https:\/\/www.richimmobilier.com\/wp-content\/uploads\/2026\/01\/VILLA_CANCELADA_by_EFEIGHT_dotcom_059-1024x682.jpg"},"thumbnail":{"file":"VILLA_CANCELADA_by_EFEIGHT_dotcom_059-150x150.jpg","width":150,"height":150,"filesize":4670,"mime_type":"image\/jpeg","source_url":"https:\/\/www.richimmobilier.com\/wp-content\/uploads\/2026\/01\/VILLA_CANCELADA_by_EFEIGHT_dotcom_059-150x150.jpg"},"medium_large":{"file":"VILLA_CANCELADA_by_EFEIGHT_dotcom_059-768x512.jpg","width":768,"height":512,"filesize":46894,"mime_type":"image\/jpeg","source_url":"https:\/\/www.richimmobilier.com\/wp-content\/uploads\/2026\/01\/VILLA_CANCELADA_by_EFEIGHT_dotcom_059-768x512.jpg"},"1536x1536":{"file":"VILLA_CANCELADA_by_EFEIGHT_dotcom_059-1536x1023.jpg","width":1536,"height":1023,"filesize":158486,"mime_type":"image\/jpeg","source_url":"https:\/\/www.richimmobilier.com\/wp-content\/uploads\/2026\/01\/VILLA_CANCELADA_by_EFEIGHT_dotcom_059-1536x1023.jpg"},"post-thumbnail":{"file":"VILLA_CANCELADA_by_EFEIGHT_dotcom_059-250x220.jpg","width":250,"height":220,"filesize":9265,"mime_type":"image\/jpeg","source_url":"https:\/\/www.richimmobilier.com\/wp-content\/uploads\/2026\/01\/VILLA_CANCELADA_by_EFEIGHT_dotcom_059-250x220.jpg"},"user_picture_profile":{"file":"VILLA_CANCELADA_by_EFEIGHT_dotcom_059-255x143.jpg","width":255,"height":143,"filesize":6890,"mime_type":"image\/jpeg","source_url":"https:\/\/www.richimmobilier.com\/wp-content\/uploads\/2026\/01\/VILLA_CANCELADA_by_EFEIGHT_dotcom_059-255x143.jpg"},"agent_picture_thumb":{"file":"VILLA_CANCELADA_by_EFEIGHT_dotcom_059-120x120.jpg","width":120,"height":120,"filesize":3393,"mime_type":"image\/jpeg","source_url":"https:\/\/www.richimmobilier.com\/wp-content\/uploads\/2026\/01\/VILLA_CANCELADA_by_EFEIGHT_dotcom_059-120x120.jpg"},"blog_thumb":{"file":"VILLA_CANCELADA_by_EFEIGHT_dotcom_059-272x189.jpg","width":272,"height":189,"filesize":8813,"mime_type":"image\/jpeg","source_url":"https:\/\/www.richimmobilier.com\/wp-content\/uploads\/2026\/01\/VILLA_CANCELADA_by_EFEIGHT_dotcom_059-272x189.jpg"},"blog_unit":{"file":"VILLA_CANCELADA_by_EFEIGHT_dotcom_059-1110x385.jpg","width":1110,"height":385,"filesize":52477,"mime_type":"image\/jpeg","source_url":"https:\/\/www.richimmobilier.com\/wp-content\/uploads\/2026\/01\/VILLA_CANCELADA_by_EFEIGHT_dotcom_059-1110x385.jpg"},"slider_thumb":{"file":"VILLA_CANCELADA_by_EFEIGHT_dotcom_059-143x83.jpg","width":143,"height":83,"filesize":3182,"mime_type":"image\/jpeg","source_url":"https:\/\/www.richimmobilier.com\/wp-content\/uploads\/2026\/01\/VILLA_CANCELADA_by_EFEIGHT_dotcom_059-143x83.jpg"},"property_featured_sidebar":{"file":"VILLA_CANCELADA_by_EFEIGHT_dotcom_059-768x662.jpg","width":768,"height":662,"filesize":57137,"mime_type":"image\/jpeg","source_url":"https:\/\/www.richimmobilier.com\/wp-content\/uploads\/2026\/01\/VILLA_CANCELADA_by_EFEIGHT_dotcom_059-768x662.jpg"},"property_listings":{"file":"VILLA_CANCELADA_by_EFEIGHT_dotcom_059-525x328.jpg","width":525,"height":328,"filesize":23769,"mime_type":"image\/jpeg","source_url":"https:\/\/www.richimmobilier.com\/wp-content\/uploads\/2026\/01\/VILLA_CANCELADA_by_EFEIGHT_dotcom_059-525x328.jpg"},"property_full":{"file":"VILLA_CANCELADA_by_EFEIGHT_dotcom_059-980x777.jpg","width":980,"height":777,"filesize":82892,"mime_type":"image\/jpeg","source_url":"https:\/\/www.richimmobilier.com\/wp-content\/uploads\/2026\/01\/VILLA_CANCELADA_by_EFEIGHT_dotcom_059-980x777.jpg"},"listing_full_slider":{"file":"VILLA_CANCELADA_by_EFEIGHT_dotcom_059-835x467.jpg","width":835,"height":467,"filesize":48031,"mime_type":"image\/jpeg","source_url":"https:\/\/www.richimmobilier.com\/wp-content\/uploads\/2026\/01\/VILLA_CANCELADA_by_EFEIGHT_dotcom_059-835x467.jpg"},"listing_full_slider_1":{"file":"VILLA_CANCELADA_by_EFEIGHT_dotcom_059-1110x623.jpg","width":1110,"height":623,"filesize":77883,"mime_type":"image\/jpeg","source_url":"https:\/\/www.richimmobilier.com\/wp-content\/uploads\/2026\/01\/VILLA_CANCELADA_by_EFEIGHT_dotcom_059-1110x623.jpg"},"property_featured":{"file":"VILLA_CANCELADA_by_EFEIGHT_dotcom_059-940x390.jpg","width":940,"height":390,"filesize":46503,"mime_type":"image\/jpeg","source_url":"https:\/\/www.richimmobilier.com\/wp-content\/uploads\/2026\/01\/VILLA_CANCELADA_by_EFEIGHT_dotcom_059-940x390.jpg"},"property_full_map":{"file":"VILLA_CANCELADA_by_EFEIGHT_dotcom_059-1920x790.jpg","width":1920,"height":790,"filesize":172301,"mime_type":"image\/jpeg","source_url":"https:\/\/www.richimmobilier.com\/wp-content\/uploads\/2026\/01\/VILLA_CANCELADA_by_EFEIGHT_dotcom_059-1920x790.jpg"},"widget_thumb":{"file":"VILLA_CANCELADA_by_EFEIGHT_dotcom_059-105x70.jpg","width":105,"height":70,"filesize":2331,"mime_type":"image\/jpeg","source_url":"https:\/\/www.richimmobilier.com\/wp-content\/uploads\/2026\/01\/VILLA_CANCELADA_by_EFEIGHT_dotcom_059-105x70.jpg"},"user_thumb":{"file":"VILLA_CANCELADA_by_EFEIGHT_dotcom_059-45x45.jpg","width":45,"height":45,"filesize":1209,"mime_type":"image\/jpeg","source_url":"https:\/\/www.richimmobilier.com\/wp-content\/uploads\/2026\/01\/VILLA_CANCELADA_by_EFEIGHT_dotcom_059-45x45.jpg"},"custom_slider_thumb":{"file":"VILLA_CANCELADA_by_EFEIGHT_dotcom_059-36x36.jpg","width":36,"height":36,"filesize":1032,"mime_type":"image\/jpeg","source_url":"https:\/\/www.richimmobilier.com\/wp-content\/uploads\/2026\/01\/VILLA_CANCELADA_by_EFEIGHT_dotcom_059-36x36.jpg"},"post_thumbnail_size":{"file":"VILLA_CANCELADA_by_EFEIGHT_dotcom_059-250x220.jpg","width":250,"height":220,"filesize":9265,"mime_type":"image\/jpeg","source_url":"https:\/\/www.richimmobilier.com\/wp-content\/uploads\/2026\/01\/VILLA_CANCELADA_by_EFEIGHT_dotcom_059-250x220.jpg"},"full":{"file":"VILLA_CANCELADA_by_EFEIGHT_dotcom_059.jpg","width":1920,"height":1279,"mime_type":"image\/jpeg","source_url":"https:\/\/www.richimmobilier.com\/wp-content\/uploads\/2026\/01\/VILLA_CANCELADA_by_EFEIGHT_dotcom_059.jpg"}},"image_meta":{"aperture":"14","credit":"EFEIGHT.com","camera":"Nikon Z","caption":"charset=Ascii","created_timestamp":"1763991996","copyright":"\u00a9 2025 EFEIGHT.com. Todos los derechos reservados.","focal_length":"14","iso":"250","shutter_speed":"1","title":"Photo by Francisco Ram\u00edrez-Mata efeight.com","orientation":"1","keywords":["Photo by Francisco Ram\u00edrez-Mata efeight.com","fotograf\u00eda inmobiliaria","real estate","Marbella","EFEIGHT","fotograf\u00eda inmobiliaria","real estate","Marbella","EFEIGHT"]}},"post":138138,"source_url":"https:\/\/www.richimmobilier.com\/wp-content\/uploads\/2026\/01\/VILLA_CANCELADA_by_EFEIGHT_dotcom_059.jpg","_links":{"self":[{"href":"https:\/\/www.richimmobilier.com\/en\/wp-json\/wp\/v2\/media\/138169","targetHints":{"allow":["GET"]}}],"collection":[{"href":"https:\/\/www.richimmobilier.com\/en\/wp-json\/wp\/v2\/media"}],"about":[{"href":"https:\/\/www.richimmobilier.com\/en\/wp-json\/wp\/v2\/types\/attachment"}],"author":[{"embeddable":true,"href":"https:\/\/www.richimmobilier.com\/en\/wp-json\/wp\/v2\/users\/3"}],"replies":[{"embeddable":true,"href":"https:\/\/www.richimmobilier.com\/en\/wp-json\/wp\/v2\/comments?post=138169"}],"wp:attached-to":[{"embeddable":true,"post_type":"estate_property","id":138138,"href":"https:\/\/www.richimmobilier.com\/en\/wp-json\/wp\/v2\/estate_property\/138138"}],"curies":[{"name":"wp","href":"https:\/\/api.w.org\/{rel}","templated":true}]}}